{"id":886,"date":"2019-09-03T17:15:32","date_gmt":"2019-09-03T15:15:32","guid":{"rendered":"http:\/\/marseille.intercontinental.com\/?page_id=886"},"modified":"2026-04-22T15:00:40","modified_gmt":"2026-04-22T13:00:40","slug":"conference-centre","status":"publish","type":"page","link":"https:\/\/marseille.intercontinental.com\/en\/conference-centre\/","title":{"rendered":"Meeting &amp; Conference Rooms"},"content":{"rendered":"\n<h1 class=\"wp-block-heading has-text-align-center\">Meeting &amp; Conference Rooms<\/h1>\n\n\n\n<div style=\"height:30px\" aria-hidden=\"true\" class=\"wp-block-spacer\"><\/div>\n\n\n\n<h2 class=\"wp-block-heading has-text-align-center\">Your professional events<\/h2>\n\n\n\n<div style=\"height:30px\" aria-hidden=\"true\" class=\"wp-block-spacer\"><\/div>\n\n\n\n<div class=\"wp-block-columns is-layout-flex wp-block-columns-is-layout-flex wp-container-core-columns-is-layout-28f84493\">\n<div class=\"wp-block-column is-layout-flow wp-block-column-is-layout-flow\" style=\"flex-basis:15%\"><\/div>\n\n\n\n<div class=\"wp-block-column is-layout-flow wp-block-column-is-layout-flow\">\n<div class=\"wp-block-columns is-layout-flex wp-block-columns-is-layout-flex wp-container-core-columns-is-layout-28f84493\">\n<div class=\"wp-block-column is-layout-flow wp-block-column-is-layout-flow\">\n<figure class=\"wp-block-image size-large\"><img decoding=\"async\" width=\"1024\" height=\"683\" src=\"https:\/\/marseille.intercontinental.com\/wp-content\/uploads\/sites\/5\/2023\/02\/Salle-des-Honneurs-c-Stephane-Aboudaram-we-are-contents-1-1-1024x683.jpg\" alt=\"Salle des Honneurs at the InterContinental Marseille H\u00f4tel-Dieu set up for a reception, a 1,230 m\u00b2 conference and events space \u00a9 St\u00e9phane Aboudaram\" class=\"wp-image-8923\" srcset=\"https:\/\/marseille.intercontinental.com\/wp-content\/uploads\/sites\/5\/2023\/02\/Salle-des-Honneurs-c-Stephane-Aboudaram-we-are-contents-1-1-1024x683.jpg 1024w, https:\/\/marseille.intercontinental.com\/wp-content\/uploads\/sites\/5\/2023\/02\/Salle-des-Honneurs-c-Stephane-Aboudaram-we-are-contents-1-1-300x200.jpg 300w, https:\/\/marseille.intercontinental.com\/wp-content\/uploads\/sites\/5\/2023\/02\/Salle-des-Honneurs-c-Stephane-Aboudaram-we-are-contents-1-1-768x513.jpg 768w, https:\/\/marseille.intercontinental.com\/wp-content\/uploads\/sites\/5\/2023\/02\/Salle-des-Honneurs-c-Stephane-Aboudaram-we-are-contents-1-1.jpg 1500w\" sizes=\"(max-width: 1024px) 100vw, 1024px\" \/><\/figure>\n<\/div>\n\n\n\n<div class=\"wp-block-column is-vertically-aligned-center is-layout-flow wp-block-column-is-layout-flow\">\n<p class=\"has-text-align-center has-large-font-size\"><strong>A unique conference centre in Marseille<\/strong><\/p>\n<\/div>\n<\/div>\n\n\n\n<p>At the <a href=\"https:\/\/marseille.intercontinental.com\/en\/the-rooms\/\" title=\"Rooms and suites \u2013 InterContinental Marseille\">InterContinental Marseille \u2013 Hotel Dieu<\/a>, everything is possible and adaptable. We offer innovative solutions, appropriate tools and impeccable service quality to ensure the success of your events. From a meeting to a congress, our entire team is fully committed to making sure every one of your guests shares a memorable and enriching experience in a historic venue \u2014 the finest setting in the city of Marseille.<\/p>\n\n\n\n<p><strong>Behind the majestic fa\u00e7ade, 1,230 m\u00b2 of reception and meeting spaces await you in a dynamic, elegant environment equipped with the very latest technologies.<\/strong><\/p>\n\n\n\n<p>On the ground floor, the Salle des Honneurs can accommodate, depending on the configuration, from 63 to 440 seated guests and up to 400 people for a cocktail reception. It can be divided into two plenary rooms: the Salon des Cordelles and the Salon des Accoules. For gala dinners or working lunches, our <a href=\"https:\/\/marseille.intercontinental.com\/en\/les-fenetres\/\" title=\"Restaurant Les Fen\u00eatres \u2013 InterContinental Marseille\">restaurant Les Fen\u00eatres<\/a> is available for your guests.<\/p>\n\n\n\n<p>The Salon Major can accommodate up to 150 people for a cocktail reception. It is also flexible and can be divided into three plenary rooms: the Salon Marceau, the Salon Mery and the Salon Mirabeau.<\/p>\n\n\n\n<p>In addition, there are three foyers, a cultural centre and a terrace with views of Notre-Dame-de-la-Garde.<\/p>\n\n\n\n<p id=\"offre-special\">On the first floor, five breakout rooms, each with private terraces, offer capacities ranging from 14 to 110 seated guests and up to 120 people for a cocktail reception. To accommodate your participants, discover our <a href=\"https:\/\/marseille.intercontinental.com\/en\/the-rooms\/\" title=\"Rooms and suites \u2013 InterContinental Marseille\">194 rooms and suites<\/a> with <a href=\"https:\/\/marseille.intercontinental.com\/en\/make-a-reservation\/\" title=\"Book \u2013 InterContinental Marseille\">preferential group rates<\/a>.<\/p>\n\n\n\n<div style=\"height:50px\" aria-hidden=\"true\" class=\"wp-block-spacer\"><\/div>\n\n\n\n<div class=\"wp-block-buttons is-layout-flex wp-container-core-buttons-is-layout-a89b3969 wp-block-buttons-is-layout-flex is-horizontal is-content-justification-center wp-container-core-buttons-is-layout-03627597\">\n<div class=\"wp-block-button\"><a class=\"wp-block-button__link wp-element-button\" href=\"https:\/\/marseille.intercontinental.com\/wp-content\/uploads\/sites\/5\/2024\/03\/Factsheet-Hotel-Cluster-2024_FR.pdf\">Useful hotel information<\/a><\/div>\n\n\n\n<div class=\"wp-block-button\"><a class=\"wp-block-button__link wp-element-button\" href=\"https:\/\/marseille.intercontinental.com\/wp-content\/uploads\/sites\/5\/2023\/02\/Capacity-Chart.pdf\" target=\"_blank\" rel=\"noreferrer noopener nofollow\">Discover our capacities<\/a><\/div>\n\n\n\n<div class=\"wp-block-button\"><a class=\"wp-block-button__link wp-element-button\" href=\"https:\/\/marseille.intercontinental.com\/en\/your-events\/\">Discover all our event spaces<\/a><\/div>\n<\/div>\n<\/div>\n\n\n\n<div class=\"wp-block-column is-layout-flow wp-block-column-is-layout-flow\" style=\"flex-basis:15%\"><\/div>\n<\/div>\n\n\n\n<p class=\"has-text-align-center\">Contact us: <a href=\"mailto:sales.marseille@ihg.com\">sales.marseille@ihg.com<\/a> | <a href=\"tel:0033413424250\">+33 (0)4 13 42 42 50<\/a><\/p>\n\n\n\n<div class=\"wp-block-buttons is-layout-flex wp-container-core-buttons-is-layout-a89b3969 wp-block-buttons-is-layout-flex is-horizontal is-content-justification-center wp-container-core-buttons-is-layout-03627597\">\n<div class=\"wp-block-button\"><a class=\"wp-block-button__link wp-element-button\" href=\"mailto:sales.marseille@ihg.com\">Request a quote<\/a><\/div>\n\n\n\n<div class=\"wp-block-button\"><a class=\"wp-block-button__link wp-element-button\" href=\"https:\/\/marseille.intercontinental.com\/en\/the-rooms\/\">View rooms &amp; suites<\/a><\/div>\n<\/div>\n\n\n\n<hr class=\"wp-block-separator has-alpha-channel-opacity\"\/>\n\n\n\n<div style=\"height:42px\" aria-hidden=\"true\" class=\"wp-block-spacer\"><\/div>\n\n\n\n<h2 class=\"wp-block-heading has-text-align-center\">Discover our meeting rooms<\/h2>\n\n\n\n<div class=\"wp-block-buttons is-layout-flex wp-container-core-buttons-is-layout-a89b3969 wp-block-buttons-is-layout-flex is-horizontal is-content-justification-center wp-container-core-buttons-is-layout-03627597\">\n<div class=\"wp-block-button\"><a class=\"wp-block-button__link wp-element-button\" href=\"\/wp-content\/uploads\/sites\/5\/2022\/07\/Plan-RDC-2022.png\">Floor plan \u2013 meeting spaces (ground floor)<\/a><\/div>\n<\/div>\n\n\n     <div class=\"container\">\r\n     <div id=\"accordion-block_75ae54d8c8e54d791e9bf5384bfbc497\" class=\"accordion accordion-ihg\">\r\n               <div class=\"accordion-item\">\r\n          <h2 class=\"accordion-header\" id=\"heading-0--accordion-block_75ae54d8c8e54d791e9bf5384bfbc497\">\r\n            <button class=\"accordion-button collapsed\" type=\"button\" data-bs-toggle=\"collapse\" data-bs-target=\"#collapse-0--accordion-block_75ae54d8c8e54d791e9bf5384bfbc497\" aria-expanded=\"false\" aria-controls=\"collapse-0--accordion-block_75ae54d8c8e54d791e9bf5384bfbc497\">\r\n              Salon Honneurs              <span class=\"plus-btn\"><\/span>\r\n            <\/button>\r\n          <\/h2>\r\n          <div id=\"collapse-0--accordion-block_75ae54d8c8e54d791e9bf5384bfbc497\" class=\"accordion-collapse collapse\" aria-labelledby=\"heading-0--accordion-block_75ae54d8c8e54d791e9bf5384bfbc497\" data-bs-parent=\"#accordion-block_75ae54d8c8e54d791e9bf5384bfbc497\">\r\n            <div class=\"accordion-body\">\r\n              <p><img decoding=\"async\" class=\"aligncenter wp-image-8948\" src=\"https:\/\/marseille.intercontinental.com\/wp-content\/uploads\/sites\/5\/2023\/02\/Light-Salle-des-Honneurs-en-Cabaret-03-cwearecontents-768x512.jpg\" alt=\"Salon Honneurs en configuration cabaret \u00e0 l\u2019InterContinental Marseille H\u00f4tel-Dieu\" width=\"662\" height=\"441\" \/><\/p>\n<p><img decoding=\"async\" class=\"aligncenter wp-image-8950\" src=\"https:\/\/marseille.intercontinental.com\/wp-content\/uploads\/sites\/5\/2023\/02\/Light-Salle-des-Honneurs-en-Theatre-01-cwearecontents-768x512.jpg\" alt=\"Salon Honneurs en configuration th\u00e9\u00e2tre \u00e0 l\u2019InterContinental Marseille H\u00f4tel-Dieu\" width=\"656\" height=\"437\" \/><\/p>\n            <\/div>\r\n          <\/div>\r\n        <\/div>\r\n                      <div class=\"accordion-item\">\r\n          <h2 class=\"accordion-header\" id=\"heading-1--accordion-block_75ae54d8c8e54d791e9bf5384bfbc497\">\r\n            <button class=\"accordion-button collapsed\" type=\"button\" data-bs-toggle=\"collapse\" data-bs-target=\"#collapse-1--accordion-block_75ae54d8c8e54d791e9bf5384bfbc497\" aria-expanded=\"false\" aria-controls=\"collapse-1--accordion-block_75ae54d8c8e54d791e9bf5384bfbc497\">\r\n              Place des Moulins &amp; Pistoles              <span class=\"plus-btn\"><\/span>\r\n            <\/button>\r\n          <\/h2>\r\n          <div id=\"collapse-1--accordion-block_75ae54d8c8e54d791e9bf5384bfbc497\" class=\"accordion-collapse collapse\" aria-labelledby=\"heading-1--accordion-block_75ae54d8c8e54d791e9bf5384bfbc497\" data-bs-parent=\"#accordion-block_75ae54d8c8e54d791e9bf5384bfbc497\">\r\n            <div class=\"accordion-body\">\r\n              <p><img decoding=\"async\" class=\"alignnone wp-image-8944\" src=\"https:\/\/marseille.intercontinental.com\/wp-content\/uploads\/sites\/5\/2023\/02\/Terrasse-des-Moulins-768x513.jpg\" alt=\"Terrasse Place des Moulins et Pistoles \u00e0 l\u2019InterContinental Marseille H\u00f4tel-Dieu\" width=\"665\" height=\"443\" \/><\/p>\n<p><img decoding=\"async\" class=\"alignnone wp-image-8934\" src=\"https:\/\/marseille.intercontinental.com\/wp-content\/uploads\/sites\/5\/2023\/02\/Place-des-Moulins-c-Stephane-Aboudaram-1-1-768x512.jpg\" alt=\"Place des Moulins et Pistoles vue g\u00e9n\u00e9rale \u00e0 l\u2019InterContinental Marseille H\u00f4tel-Dieu\" width=\"665\" height=\"443\" \/><\/p>\n            <\/div>\r\n          <\/div>\r\n        <\/div>\r\n                      <div class=\"accordion-item\">\r\n          <h2 class=\"accordion-header\" id=\"heading-2--accordion-block_75ae54d8c8e54d791e9bf5384bfbc497\">\r\n            <button class=\"accordion-button collapsed\" type=\"button\" data-bs-toggle=\"collapse\" data-bs-target=\"#collapse-2--accordion-block_75ae54d8c8e54d791e9bf5384bfbc497\" aria-expanded=\"false\" aria-controls=\"collapse-2--accordion-block_75ae54d8c8e54d791e9bf5384bfbc497\">\r\n              Salon des Accoules              <span class=\"plus-btn\"><\/span>\r\n            <\/button>\r\n          <\/h2>\r\n          <div id=\"collapse-2--accordion-block_75ae54d8c8e54d791e9bf5384bfbc497\" class=\"accordion-collapse collapse\" aria-labelledby=\"heading-2--accordion-block_75ae54d8c8e54d791e9bf5384bfbc497\" data-bs-parent=\"#accordion-block_75ae54d8c8e54d791e9bf5384bfbc497\">\r\n            <div class=\"accordion-body\">\r\n              <p><img decoding=\"async\" class=\"aligncenter wp-image-8939\" src=\"https:\/\/marseille.intercontinental.com\/wp-content\/uploads\/sites\/5\/2023\/02\/Salle-des-Accoules-en-U-02-cwearecontents-768x512.jpg\" alt=\"Salon des Accoules en configuration en U \u00e0 l\u2019InterContinental Marseille H\u00f4tel-Dieu\" width=\"653\" height=\"435\" \/><\/p>\n<p><img decoding=\"async\" class=\"aligncenter wp-image-8937\" src=\"https:\/\/marseille.intercontinental.com\/wp-content\/uploads\/sites\/5\/2023\/02\/Salle-des-Accoules-en-Banquet-02-cwearecontents-768x512.jpg\" alt=\"Salon des Accoules en configuration banquet \u00e0 l\u2019InterContinental Marseille H\u00f4tel-Dieu\" width=\"681\" height=\"454\" \/><\/p>\n            <\/div>\r\n          <\/div>\r\n        <\/div>\r\n                      <div class=\"accordion-item\">\r\n          <h2 class=\"accordion-header\" id=\"heading-3--accordion-block_75ae54d8c8e54d791e9bf5384bfbc497\">\r\n            <button class=\"accordion-button collapsed\" type=\"button\" data-bs-toggle=\"collapse\" data-bs-target=\"#collapse-3--accordion-block_75ae54d8c8e54d791e9bf5384bfbc497\" aria-expanded=\"false\" aria-controls=\"collapse-3--accordion-block_75ae54d8c8e54d791e9bf5384bfbc497\">\r\n              Salon des Cordelles              <span class=\"plus-btn\"><\/span>\r\n            <\/button>\r\n          <\/h2>\r\n          <div id=\"collapse-3--accordion-block_75ae54d8c8e54d791e9bf5384bfbc497\" class=\"accordion-collapse collapse\" aria-labelledby=\"heading-3--accordion-block_75ae54d8c8e54d791e9bf5384bfbc497\" data-bs-parent=\"#accordion-block_75ae54d8c8e54d791e9bf5384bfbc497\">\r\n            <div class=\"accordion-body\">\r\n              <p><img decoding=\"async\" class=\"aligncenter wp-image-8959\" src=\"https:\/\/marseille.intercontinental.com\/wp-content\/uploads\/sites\/5\/2023\/02\/Light-Salle-des-Cordelles-en-Banquet-03-cwearecontents-768x512.jpg\" alt=\"Salon des Cordelles en configuration banquet \u00e0 l\u2019InterContinental Marseille H\u00f4tel-Dieu\" width=\"660\" height=\"440\" \/><\/p>\n<p><img decoding=\"async\" class=\"aligncenter wp-image-8961\" src=\"https:\/\/marseille.intercontinental.com\/wp-content\/uploads\/sites\/5\/2023\/02\/Light-Salle-des-Cordelles-en-U-01-cwearecontents-768x512.jpg\" alt=\"Salon des Cordelles en configuration en U \u00e0 l\u2019InterContinental Marseille H\u00f4tel-Dieu\" width=\"656\" height=\"437\" \/><\/p>\n            <\/div>\r\n          <\/div>\r\n        <\/div>\r\n                      <div class=\"accordion-item\">\r\n          <h2 class=\"accordion-header\" id=\"heading-4--accordion-block_75ae54d8c8e54d791e9bf5384bfbc497\">\r\n            <button class=\"accordion-button collapsed\" type=\"button\" data-bs-toggle=\"collapse\" data-bs-target=\"#collapse-4--accordion-block_75ae54d8c8e54d791e9bf5384bfbc497\" aria-expanded=\"false\" aria-controls=\"collapse-4--accordion-block_75ae54d8c8e54d791e9bf5384bfbc497\">\r\n              Place de Lenche               <span class=\"plus-btn\"><\/span>\r\n            <\/button>\r\n          <\/h2>\r\n          <div id=\"collapse-4--accordion-block_75ae54d8c8e54d791e9bf5384bfbc497\" class=\"accordion-collapse collapse\" aria-labelledby=\"heading-4--accordion-block_75ae54d8c8e54d791e9bf5384bfbc497\" data-bs-parent=\"#accordion-block_75ae54d8c8e54d791e9bf5384bfbc497\">\r\n            <div class=\"accordion-body\">\r\n              <p><img decoding=\"async\" class=\"aligncenter wp-image-8963\" src=\"https:\/\/marseille.intercontinental.com\/wp-content\/uploads\/sites\/5\/2023\/02\/Place-de-Lenche-cwearecontent-2-768x512.jpg\" alt=\"Place de Lenche \u00e0 l\u2019InterContinental Marseille H\u00f4tel-Dieu\" width=\"659\" height=\"439\" \/><\/p>\n<p><img decoding=\"async\" class=\"aligncenter wp-image-8965\" src=\"https:\/\/marseille.intercontinental.com\/wp-content\/uploads\/sites\/5\/2023\/02\/Light-Place-de-Lenche-en-pause-cDR-768x576.jpg\" alt=\"Place de Lenche en configuration pause \u00e9v\u00e9nement \u00e0 l\u2019InterContinental Marseille H\u00f4tel-Dieu\" width=\"661\" height=\"496\" \/><\/p>\n            <\/div>\r\n          <\/div>\r\n        <\/div>\r\n                      <div class=\"accordion-item\">\r\n          <h2 class=\"accordion-header\" id=\"heading-5--accordion-block_75ae54d8c8e54d791e9bf5384bfbc497\">\r\n            <button class=\"accordion-button collapsed\" type=\"button\" data-bs-toggle=\"collapse\" data-bs-target=\"#collapse-5--accordion-block_75ae54d8c8e54d791e9bf5384bfbc497\" aria-expanded=\"false\" aria-controls=\"collapse-5--accordion-block_75ae54d8c8e54d791e9bf5384bfbc497\">\r\n              Salon Mirabeau              <span class=\"plus-btn\"><\/span>\r\n            <\/button>\r\n          <\/h2>\r\n          <div id=\"collapse-5--accordion-block_75ae54d8c8e54d791e9bf5384bfbc497\" class=\"accordion-collapse collapse\" aria-labelledby=\"heading-5--accordion-block_75ae54d8c8e54d791e9bf5384bfbc497\" data-bs-parent=\"#accordion-block_75ae54d8c8e54d791e9bf5384bfbc497\">\r\n            <div class=\"accordion-body\">\r\n              <p><img decoding=\"async\" class=\"aligncenter wp-image-8967\" src=\"https:\/\/marseille.intercontinental.com\/wp-content\/uploads\/sites\/5\/2023\/02\/Salon-Mirabeau-en-classroom-cwearecontent-2-768x512.jpg\" alt=\"Salon Mirabeau en configuration classroom \u00e0 l\u2019InterContinental Marseille H\u00f4tel-Dieu\" width=\"660\" height=\"440\" \/><\/p>\n<p><img decoding=\"async\" class=\"aligncenter wp-image-8969\" src=\"https:\/\/marseille.intercontinental.com\/wp-content\/uploads\/sites\/5\/2023\/02\/Salon-Mirabeau-en-U-shape-cwearecontent-768x512.jpg\" alt=\"Salon Mirabeau en configuration en U \u00e0 l\u2019InterContinental Marseille H\u00f4tel-Dieu\" width=\"653\" height=\"435\" \/><\/p>\n<p>&nbsp;<\/p>\n            <\/div>\r\n          <\/div>\r\n        <\/div>\r\n                      <div class=\"accordion-item\">\r\n          <h2 class=\"accordion-header\" id=\"heading-6--accordion-block_75ae54d8c8e54d791e9bf5384bfbc497\">\r\n            <button class=\"accordion-button collapsed\" type=\"button\" data-bs-toggle=\"collapse\" data-bs-target=\"#collapse-6--accordion-block_75ae54d8c8e54d791e9bf5384bfbc497\" aria-expanded=\"false\" aria-controls=\"collapse-6--accordion-block_75ae54d8c8e54d791e9bf5384bfbc497\">\r\n              Salon Mery              <span class=\"plus-btn\"><\/span>\r\n            <\/button>\r\n          <\/h2>\r\n          <div id=\"collapse-6--accordion-block_75ae54d8c8e54d791e9bf5384bfbc497\" class=\"accordion-collapse collapse\" aria-labelledby=\"heading-6--accordion-block_75ae54d8c8e54d791e9bf5384bfbc497\" data-bs-parent=\"#accordion-block_75ae54d8c8e54d791e9bf5384bfbc497\">\r\n            <div class=\"accordion-body\">\r\n              <p><img decoding=\"async\" class=\"aligncenter wp-image-8971\" src=\"https:\/\/marseille.intercontinental.com\/wp-content\/uploads\/sites\/5\/2023\/02\/Salon-Mery-en-cocktail-cwearecontent-768x768.jpg\" alt=\"Salon Mery en configuration cocktail \u00e0 l\u2019InterContinental Marseille H\u00f4tel-Dieu\" width=\"522\" height=\"522\" \/><\/p>\n<p><img decoding=\"async\" class=\"aligncenter wp-image-8973\" src=\"https:\/\/marseille.intercontinental.com\/wp-content\/uploads\/sites\/5\/2023\/02\/Salon-Mery-en-theatre-cwearecontent-2-768x512.jpg\" alt=\"Salon Mery en configuration th\u00e9\u00e2tre \u00e0 l\u2019InterContinental Marseille H\u00f4tel-Dieu\" width=\"638\" height=\"425\" \/><\/p>\n            <\/div>\r\n          <\/div>\r\n        <\/div>\r\n                      <div class=\"accordion-item\">\r\n          <h2 class=\"accordion-header\" id=\"heading-7--accordion-block_75ae54d8c8e54d791e9bf5384bfbc497\">\r\n            <button class=\"accordion-button collapsed\" type=\"button\" data-bs-toggle=\"collapse\" data-bs-target=\"#collapse-7--accordion-block_75ae54d8c8e54d791e9bf5384bfbc497\" aria-expanded=\"false\" aria-controls=\"collapse-7--accordion-block_75ae54d8c8e54d791e9bf5384bfbc497\">\r\n              Salon Marceau              <span class=\"plus-btn\"><\/span>\r\n            <\/button>\r\n          <\/h2>\r\n          <div id=\"collapse-7--accordion-block_75ae54d8c8e54d791e9bf5384bfbc497\" class=\"accordion-collapse collapse\" aria-labelledby=\"heading-7--accordion-block_75ae54d8c8e54d791e9bf5384bfbc497\" data-bs-parent=\"#accordion-block_75ae54d8c8e54d791e9bf5384bfbc497\">\r\n            <div class=\"accordion-body\">\r\n              <p><img decoding=\"async\" class=\"aligncenter wp-image-8977\" src=\"https:\/\/marseille.intercontinental.com\/wp-content\/uploads\/sites\/5\/2023\/02\/Salon-Marceau-en-banquet-cwearecontent-768x511.jpg\" alt=\"Salon Marceau en configuration banquet \u00e0 l\u2019InterContinental Marseille H\u00f4tel-Dieu\" width=\"702\" height=\"468\" \/><\/p>\n            <\/div>\r\n          <\/div>\r\n        <\/div>\r\n                      <div class=\"accordion-item\">\r\n          <h2 class=\"accordion-header\" id=\"heading-8--accordion-block_75ae54d8c8e54d791e9bf5384bfbc497\">\r\n            <button class=\"accordion-button collapsed\" type=\"button\" data-bs-toggle=\"collapse\" data-bs-target=\"#collapse-8--accordion-block_75ae54d8c8e54d791e9bf5384bfbc497\" aria-expanded=\"false\" aria-controls=\"collapse-8--accordion-block_75ae54d8c8e54d791e9bf5384bfbc497\">\r\n              Salon Mery &amp; Mirabeau              <span class=\"plus-btn\"><\/span>\r\n            <\/button>\r\n          <\/h2>\r\n          <div id=\"collapse-8--accordion-block_75ae54d8c8e54d791e9bf5384bfbc497\" class=\"accordion-collapse collapse\" aria-labelledby=\"heading-8--accordion-block_75ae54d8c8e54d791e9bf5384bfbc497\" data-bs-parent=\"#accordion-block_75ae54d8c8e54d791e9bf5384bfbc497\">\r\n            <div class=\"accordion-body\">\r\n              <p><img decoding=\"async\" class=\"aligncenter wp-image-8980\" src=\"https:\/\/marseille.intercontinental.com\/wp-content\/uploads\/sites\/5\/2023\/02\/Salon-Mery-Marceau-768x512.jpg\" alt=\"Salons Mery et Mirabeau combin\u00e9s \u00e0 l\u2019InterContinental Marseille H\u00f4tel-Dieu\" width=\"668\" height=\"445\" \/><\/p>\n<p><img decoding=\"async\" class=\"aligncenter wp-image-8982\" src=\"https:\/\/marseille.intercontinental.com\/wp-content\/uploads\/sites\/5\/2023\/02\/Salons-Mery-Marceau-en-U-shape-cwearecontent-1-768x512.jpg\" alt=\"Salons Mery et Mirabeau en configuration en U \u00e0 l\u2019InterContinental Marseille H\u00f4tel-Dieu\" width=\"666\" height=\"444\" \/><\/p>\n            <\/div>\r\n          <\/div>\r\n        <\/div>\r\n                      <div class=\"accordion-item\">\r\n          <h2 class=\"accordion-header\" id=\"heading-9--accordion-block_75ae54d8c8e54d791e9bf5384bfbc497\">\r\n            <button class=\"accordion-button collapsed\" type=\"button\" data-bs-toggle=\"collapse\" data-bs-target=\"#collapse-9--accordion-block_75ae54d8c8e54d791e9bf5384bfbc497\" aria-expanded=\"false\" aria-controls=\"collapse-9--accordion-block_75ae54d8c8e54d791e9bf5384bfbc497\">\r\n              Salon Major              <span class=\"plus-btn\"><\/span>\r\n            <\/button>\r\n          <\/h2>\r\n          <div id=\"collapse-9--accordion-block_75ae54d8c8e54d791e9bf5384bfbc497\" class=\"accordion-collapse collapse\" aria-labelledby=\"heading-9--accordion-block_75ae54d8c8e54d791e9bf5384bfbc497\" data-bs-parent=\"#accordion-block_75ae54d8c8e54d791e9bf5384bfbc497\">\r\n            <div class=\"accordion-body\">\r\n              <p><img decoding=\"async\" class=\"aligncenter wp-image-8984\" src=\"https:\/\/marseille.intercontinental.com\/wp-content\/uploads\/sites\/5\/2023\/02\/Salon-Major-en-banquet-c-Stephane-Aboudaram-We-are-contents-1-768x513.jpg\" alt=\"Salon Major en configuration banquet \u00e0 l\u2019InterContinental Marseille H\u00f4tel-Dieu\" width=\"678\" height=\"452\" \/><\/p>\n<p><img decoding=\"async\" class=\"aligncenter wp-image-8986\" src=\"https:\/\/marseille.intercontinental.com\/wp-content\/uploads\/sites\/5\/2023\/02\/Salon-Major-en-theatre-768x426.jpg\" alt=\"Salon Major en configuration th\u00e9\u00e2tre \u00e0 l\u2019InterContinental Marseille H\u00f4tel-Dieu\" width=\"672\" height=\"372\" \/><\/p>\n            <\/div>\r\n          <\/div>\r\n        <\/div>\r\n                      <div class=\"accordion-item\">\r\n          <h2 class=\"accordion-header\" id=\"heading-10--accordion-block_75ae54d8c8e54d791e9bf5384bfbc497\">\r\n            <button class=\"accordion-button collapsed\" type=\"button\" data-bs-toggle=\"collapse\" data-bs-target=\"#collapse-10--accordion-block_75ae54d8c8e54d791e9bf5384bfbc497\" aria-expanded=\"false\" aria-controls=\"collapse-10--accordion-block_75ae54d8c8e54d791e9bf5384bfbc497\">\r\n              Espace Major et Place de Lenche              <span class=\"plus-btn\"><\/span>\r\n            <\/button>\r\n          <\/h2>\r\n          <div id=\"collapse-10--accordion-block_75ae54d8c8e54d791e9bf5384bfbc497\" class=\"accordion-collapse collapse\" aria-labelledby=\"heading-10--accordion-block_75ae54d8c8e54d791e9bf5384bfbc497\" data-bs-parent=\"#accordion-block_75ae54d8c8e54d791e9bf5384bfbc497\">\r\n            <div class=\"accordion-body\">\r\n              <p><img decoding=\"async\" class=\"aligncenter wp-image-8990\" src=\"https:\/\/marseille.intercontinental.com\/wp-content\/uploads\/sites\/5\/2023\/02\/Salon-Major-en-cabaret-cwearecontent-3-768x470.jpg\" alt=\"Espace Major en configuration cabaret \u00e0 l\u2019InterContinental Marseille H\u00f4tel-Dieu\" width=\"677\" height=\"415\" \/><\/p>\n<p><img decoding=\"async\" class=\"aligncenter wp-image-8988\" src=\"https:\/\/marseille.intercontinental.com\/wp-content\/uploads\/sites\/5\/2023\/02\/Light-Major-Lenche-768x512.jpg\" alt=\"Espace Major et Place de Lenche vue g\u00e9n\u00e9rale \u00e0 l\u2019InterContinental Marseille H\u00f4tel-Dieu\" width=\"671\" height=\"447\" \/><\/p>\n            <\/div>\r\n          <\/div>\r\n        <\/div>\r\n                      <div class=\"accordion-item\">\r\n          <h2 class=\"accordion-header\" id=\"heading-11--accordion-block_75ae54d8c8e54d791e9bf5384bfbc497\">\r\n            <button class=\"accordion-button collapsed\" type=\"button\" data-bs-toggle=\"collapse\" data-bs-target=\"#collapse-11--accordion-block_75ae54d8c8e54d791e9bf5384bfbc497\" aria-expanded=\"false\" aria-controls=\"collapse-11--accordion-block_75ae54d8c8e54d791e9bf5384bfbc497\">\r\n              Espace Culturel              <span class=\"plus-btn\"><\/span>\r\n            <\/button>\r\n          <\/h2>\r\n          <div id=\"collapse-11--accordion-block_75ae54d8c8e54d791e9bf5384bfbc497\" class=\"accordion-collapse collapse\" aria-labelledby=\"heading-11--accordion-block_75ae54d8c8e54d791e9bf5384bfbc497\" data-bs-parent=\"#accordion-block_75ae54d8c8e54d791e9bf5384bfbc497\">\r\n            <div class=\"accordion-body\">\r\n              <p><img decoding=\"async\" class=\"aligncenter wp-image-9006\" src=\"https:\/\/marseille.intercontinental.com\/wp-content\/uploads\/sites\/5\/2023\/02\/Espace-Culturel-Tables-nappees-violet-2-768x512.jpg\" alt=\"Espace Culturel avec tables dress\u00e9es \u00e0 l\u2019InterContinental Marseille H\u00f4tel-Dieu\" width=\"677\" height=\"451\" \/><\/p>\n<p><img decoding=\"async\" class=\"aligncenter wp-image-9009\" src=\"https:\/\/marseille.intercontinental.com\/wp-content\/uploads\/sites\/5\/2023\/02\/Espace-culturel-768x478.jpg\" alt=\"Espace Culturel vue g\u00e9n\u00e9rale \u00e0 l\u2019InterContinental Marseille H\u00f4tel-Dieu\" width=\"672\" height=\"419\" \/><\/p>\n            <\/div>\r\n          <\/div>\r\n        <\/div>\r\n                  <\/div>\r\n   <\/div>\r\n\n\n\n<div class=\"wp-block-buttons is-layout-flex wp-container-core-buttons-is-layout-a89b3969 wp-block-buttons-is-layout-flex is-horizontal is-content-justification-center wp-container-core-buttons-is-layout-03627597\">\n<div class=\"wp-block-button\"><a class=\"wp-block-button__link wp-element-button\" href=\"\/wp-content\/uploads\/sites\/5\/2022\/07\/Plan-1er-Etage-Intercontinantal-Hotel-Dieu-1-scaled.jpg\" target=\"_blank\" rel=\"noreferrer noopener\">Floor plan \u2013 meeting spaces (first floor)<\/a><\/div>\n<\/div>\n\n\n     <div class=\"container\">\r\n     <div id=\"accordion-block_2275334f35560c9a056c536fb3721a68\" class=\"accordion accordion-ihg\">\r\n               <div class=\"accordion-item\">\r\n          <h2 class=\"accordion-header\" id=\"heading-0--accordion-block_2275334f35560c9a056c536fb3721a68\">\r\n            <button class=\"accordion-button collapsed\" type=\"button\" data-bs-toggle=\"collapse\" data-bs-target=\"#collapse-0--accordion-block_2275334f35560c9a056c536fb3721a68\" aria-expanded=\"false\" aria-controls=\"collapse-0--accordion-block_2275334f35560c9a056c536fb3721a68\">\r\n              Salon Petit Puit              <span class=\"plus-btn\"><\/span>\r\n            <\/button>\r\n          <\/h2>\r\n          <div id=\"collapse-0--accordion-block_2275334f35560c9a056c536fb3721a68\" class=\"accordion-collapse collapse\" aria-labelledby=\"heading-0--accordion-block_2275334f35560c9a056c536fb3721a68\" data-bs-parent=\"#accordion-block_2275334f35560c9a056c536fb3721a68\">\r\n            <div class=\"accordion-body\">\r\n              <p><img decoding=\"async\" class=\"aligncenter wp-image-8995\" src=\"https:\/\/marseille.intercontinental.com\/wp-content\/uploads\/sites\/5\/2023\/02\/Salon-Petit-Puit-c-Stephane-Aboudaram-wearecontents-1.jpg\" alt=\"Salon Petit Puit salle de r\u00e9union \u00e0 l\u2019InterContinental Marseille H\u00f4tel-Dieu pour \u00e9v\u00e9nement professionnel et s\u00e9minaire \u00e0 Marseille\" width=\"719\" height=\"479\" srcset=\"https:\/\/marseille.intercontinental.com\/wp-content\/uploads\/sites\/5\/2023\/02\/Salon-Petit-Puit-c-Stephane-Aboudaram-wearecontents-1.jpg 1024w, https:\/\/marseille.intercontinental.com\/wp-content\/uploads\/sites\/5\/2023\/02\/Salon-Petit-Puit-c-Stephane-Aboudaram-wearecontents-1-300x200.jpg 300w, https:\/\/marseille.intercontinental.com\/wp-content\/uploads\/sites\/5\/2023\/02\/Salon-Petit-Puit-c-Stephane-Aboudaram-wearecontents-1-768x512.jpg 768w\" sizes=\"(max-width: 719px) 100vw, 719px\" \/><\/p>\n            <\/div>\r\n          <\/div>\r\n        <\/div>\r\n                      <div class=\"accordion-item\">\r\n          <h2 class=\"accordion-header\" id=\"heading-1--accordion-block_2275334f35560c9a056c536fb3721a68\">\r\n            <button class=\"accordion-button collapsed\" type=\"button\" data-bs-toggle=\"collapse\" data-bs-target=\"#collapse-1--accordion-block_2275334f35560c9a056c536fb3721a68\" aria-expanded=\"false\" aria-controls=\"collapse-1--accordion-block_2275334f35560c9a056c536fb3721a68\">\r\n              Espace Belles Ecuelles, Fontaine des Vents &amp; Abadi\u00e9              <span class=\"plus-btn\"><\/span>\r\n            <\/button>\r\n          <\/h2>\r\n          <div id=\"collapse-1--accordion-block_2275334f35560c9a056c536fb3721a68\" class=\"accordion-collapse collapse\" aria-labelledby=\"heading-1--accordion-block_2275334f35560c9a056c536fb3721a68\" data-bs-parent=\"#accordion-block_2275334f35560c9a056c536fb3721a68\">\r\n            <div class=\"accordion-body\">\r\n              <p><img decoding=\"async\" class=\"aligncenter wp-image-8997\" src=\"https:\/\/marseille.intercontinental.com\/wp-content\/uploads\/sites\/5\/2023\/02\/Light-Grandes-Ecuelles-en-Banquet-2-768x512.jpg\" alt=\"Grandes \u00c9cuelles en configuration banquet \u00e0 l\u2019InterContinental Marseille H\u00f4tel-Dieu salle de r\u00e9ception pour \u00e9v\u00e9nement professionnel \u00e0 Marseille\" width=\"678\" height=\"452\" \/><\/p>\n<p><img decoding=\"async\" class=\"aligncenter wp-image-8999\" src=\"https:\/\/marseille.intercontinental.com\/wp-content\/uploads\/sites\/5\/2023\/02\/Light-Grandes-Ecuelles-en-Theatre-2-768x512.jpg\" alt=\"Grandes \u00c9cuelles en configuration th\u00e9\u00e2tre \u00e0 l\u2019InterContinental Marseille H\u00f4tel-Dieu salle de conf\u00e9rence et s\u00e9minaire \u00e0 Marseille\" width=\"670\" height=\"446\" \/><\/p>\n            <\/div>\r\n          <\/div>\r\n        <\/div>\r\n                  <\/div>\r\n   <\/div>\r\n\n\n\n<hr class=\"wp-block-separator has-alpha-channel-opacity\"\/>\n\n\n\n<div class=\"wp-block-group is-layout-constrained wp-block-group-is-layout-constrained wp-container-core-group-is-layout-7e335c23 wp-container-core-group-is-layout-251c114b\" style=\"padding-top:var(--wp--preset--spacing--50);padding-bottom:var(--wp--preset--spacing--50)\">\n<h2 class=\"wp-block-heading\">Plan your professional event<\/h2>\n\n\n\n<p>Would you like to organise a meeting, a conference or a seminar in Marseille?<\/p>\n\n\n\n<p>We have gathered here the answers to the most frequently asked questions to help you plan your professional event.<\/p>\n\n\n\n<div class=\"schema-faq wp-block-yoast-faq-block\"><div class=\"schema-faq-section\" id=\"faq-question-1776861912672\"><strong class=\"schema-faq-question\"><strong><strong>What is the maximum capacity of the conference spaces?<\/strong><\/strong><\/strong> <p class=\"schema-faq-answer\">The InterContinental Marseille has 1,230 m\u00b2 of flexible spaces. The Salle des Honneurs can accommodate up to 440 seated guests and up to 400 people for a cocktail reception. In total, the hotel offers solutions for groups of 14 to 440 seated guests. Visit our <a href=\"https:\/\/marseille.intercontinental.com\/en\/your-events\/\">events page<\/a> to discover other available spaces.<\/p> <\/div> <div class=\"schema-faq-section\" id=\"faq-question-1776861917697\"><strong class=\"schema-faq-question\"><strong><strong>Which rooms are available for meetings and conferences?<\/strong><\/strong><\/strong> <p class=\"schema-faq-answer\">The hotel offers several spaces: the Salle des Honneurs (divisible into the Salon des Cordelles and the Salon des Accoules), the Salon Major (divisible into the Salons Marceau, Mery and Mirabeau), five breakout rooms on the first floor with private terraces, as well as three foyers and a cultural centre. For a full overview of private event options, visit our <a href=\"https:\/\/marseille.intercontinental.com\/en\/your-events\/\">dedicated events page<\/a>.<\/p> <\/div> <div class=\"schema-faq-section\" id=\"faq-question-1776861920511\"><strong class=\"schema-faq-question\"><strong><strong>Are the rooms equipped with audiovisual technology?<\/strong><\/strong><\/strong> <p class=\"schema-faq-answer\">Yes, all our spaces are equipped with the latest technology (sound systems, screens, projectors, high-speed internet). Our technical team is available to assist you with your audiovisual requirements. Contact us at <a href=\"mailto:sales.marseille@ihg.com\">sales.marseille@ihg.com<\/a> for more information.<\/p> <\/div> <div class=\"schema-faq-section\" id=\"faq-question-1776861921125\"><strong class=\"schema-faq-question\"><strong><strong>Do you offer catering options for professional events?<\/strong><\/strong><\/strong> <p class=\"schema-faq-answer\">Yes, our catering team offers tailor-made solutions: coffee breaks, working lunches, gala dinners, cocktail receptions\u2026 Our <a href=\"https:\/\/marseille.intercontinental.com\/en\/les-fenetres\/\">restaurant Les Fen\u00eatres<\/a> is also available for your guests. Our chefs create menus tailored to your event and the number of guests.<\/p> <\/div> <div class=\"schema-faq-section\" id=\"faq-question-1776861921767\"><strong class=\"schema-faq-question\"><strong><strong>Is there a terrace available for professional events?<\/strong><\/strong><\/strong> <p class=\"schema-faq-answer\">Yes, several spaces include private terraces with views of Notre-Dame-de-la-Garde, ideal for breaks, cocktails or outdoor dining during your <a href=\"https:\/\/marseille.intercontinental.com\/en\/your-events\/\">events<\/a>.<\/p> <\/div> <div class=\"schema-faq-section\" id=\"faq-question-1776861922355\"><strong class=\"schema-faq-question\"><strong><strong>How do I get a quote or book a room?<\/strong><\/strong><\/strong> <p class=\"schema-faq-answer\">Contact <a href=\"https:\/\/marseille.intercontinental.com\/en\/contact-us\/\">our sales team<\/a> by email at <a href=\"mailto:sales.marseille@ihg.com\">sales.marseille@ihg.com<\/a> or by phone at <a href=\"tel:0033413424250\">+33 (0)4 13 42 42 50<\/a>. We will offer you a personalised solution tailored to your needs and budget.<\/p> <\/div> <div class=\"schema-faq-section\" id=\"faq-question-1776861994427\"><strong class=\"schema-faq-question\"><strong><strong>Does the hotel offer rooms for congress or seminar participants?<\/strong><\/strong><\/strong> <p class=\"schema-faq-answer\">Yes, the InterContinental Marseille has <a href=\"https:\/\/marseille.intercontinental.com\/en\/the-rooms\/\">194 rooms and suites<\/a>. Preferential group rates can be negotiated when <a href=\"https:\/\/marseille.intercontinental.com\/en\/make-a-reservation\/\">booking your meeting spaces<\/a>.<\/p> <\/div> <div class=\"schema-faq-section\" id=\"faq-question-1776861995112\"><strong class=\"schema-faq-question\"><strong><strong>Is a valet service and parking available for participants?<\/strong><\/strong><\/strong> <p class=\"schema-faq-answer\">Yes, the hotel offers a valet service. Secure parking solutions can also be arranged for your groups within the Grand H\u00f4tel-Dieu. For any logistical queries, <a href=\"https:\/\/marseille.intercontinental.com\/en\/contact-us\/\">contact our team<\/a>.<\/p> <\/div> <\/div>\n<\/div>\n","protected":false},"excerpt":{"rendered":"<p>Meeting &amp; Conference Rooms Your professional events A unique conference centre in Marseille At the InterContinental Marseille \u2013 Hotel Dieu, everything is possible and adaptable. We offer innovative solutions, appropriate tools and impeccable service quality to ensure the success of [&hellip;]<\/p>\n","protected":false},"author":1,"featured_media":0,"parent":0,"menu_order":0,"comment_status":"closed","ping_status":"closed","template":"","meta":{"_acf_changed":false,"footnotes":""},"class_list":["post-886","page","type-page","status-publish","hentry"],"acf":{"schema":"<script type=\"application\/ld+json\">\r\n{\r\n  \"@context\": \"https:\/\/schema.org\",\r\n  \"@type\": \"EventVenue\",\r\n  \"name\": \"Conference Centre - InterContinental Marseille \u2013 H\u00f4tel-Dieu\",\r\n  \"url\": \"https:\/\/marseille.intercontinental.com\/en\/conference-centre\/\",\r\n  \"description\": \"1,230 m\u00b2 of flexible event spaces for seminars, conferences and corporate events. Salle des Honneurs accommodates up to 440 guests. Private terraces with views of Notre-Dame-de-la-Garde.\",\r\n  \"telephone\": \"+33413424250\",\r\n  \"email\": \"sales.marseille@ihg.com\",\r\n  \"maximumAttendeeCapacity\": 440,\r\n  \"amenityFeature\": [\r\n    { \"@type\": \"LocationFeatureSpecification\", \"name\": \"1,230 m\u00b2 of flexible modular spaces\", \"value\": true },\r\n    { \"@type\": \"LocationFeatureSpecification\", \"name\": \"Salle des Honneurs up to 440 guests\", \"value\": true },\r\n    { \"@type\": \"LocationFeatureSpecification\", \"name\": \"Private terraces with views of Notre-Dame-de-la-Garde\", \"value\": true },\r\n    { \"@type\": \"LocationFeatureSpecification\", \"name\": \"Latest-generation audiovisual technology\", \"value\": true },\r\n    { \"@type\": \"LocationFeatureSpecification\", \"name\": \"High-speed Wi-Fi\", \"value\": true },\r\n    { \"@type\": \"LocationFeatureSpecification\", \"name\": \"Valet service\", \"value\": true },\r\n    { \"@type\": \"LocationFeatureSpecification\", \"name\": \"Tailor-made catering\", \"value\": true }\r\n  ],\r\n  \"containedInPlace\": {\r\n    \"@type\": \"Hotel\",\r\n    \"name\": \"InterContinental Marseille - H\u00f4tel Dieu\",\r\n    \"url\": \"https:\/\/marseille.intercontinental.com\",\r\n    \"address\": { \"@type\": \"PostalAddress\", \"streetAddress\": \"1 Place Daviel\", \"addressLocality\": \"Marseille\", \"postalCode\": \"13002\", \"addressRegion\": \"Provence-Alpes-C\u00f4te d'Azur\", \"addressCountry\": \"FR\" },\r\n    \"telephone\": \"+33413424250\",\r\n    \"email\": \"sales.marseille@ihg.com\",\r\n    \"starRating\": { \"@type\": \"Rating\", \"ratingValue\": \"5\" },\r\n    \"sameAs\": [\"https:\/\/www.facebook.com\/InterContinentalMarseilleHotelDieu\/\", \"https:\/\/www.instagram.com\/icmarseille\/\", \"https:\/\/x.com\/icmarseille\"]\r\n  }\r\n}\r\n<\/script>"},"yoast_head":"<!-- This site is optimized with the Yoast SEO plugin v26.2 - https:\/\/yoast.com\/wordpress\/plugins\/seo\/ -->\n<title>Meeting &amp; Conference Rooms - InterContinental Marseille - Hotel Dieu<\/title>\n<meta name=\"description\" content=\"1,230 m\u00b2 of flexible meeting and conference spaces at the InterContinental Marseille H\u00f4tel-Dieu. Ideal for seminars, congresses and corporate events, with private terraces and the latest AV technology.\" \/>\n<meta name=\"robots\" content=\"index, follow, max-snippet:-1, max-image-preview:large, max-video-preview:-1\" \/>\n<link rel=\"canonical\" href=\"https:\/\/marseille.intercontinental.com\/en\/conference-centre\/\" \/>\n<meta property=\"og:locale\" content=\"en_US\" \/>\n<meta property=\"og:type\" content=\"article\" \/>\n<meta property=\"og:title\" content=\"Meeting &amp; Conference Rooms - InterContinental Marseille - Hotel Dieu\" \/>\n<meta property=\"og:description\" content=\"1,230 m\u00b2 of flexible meeting and conference spaces at the InterContinental Marseille H\u00f4tel-Dieu. Ideal for seminars, congresses and corporate events, with private terraces and the latest AV technology.\" \/>\n<meta property=\"og:url\" content=\"https:\/\/marseille.intercontinental.com\/en\/conference-centre\/\" \/>\n<meta property=\"og:site_name\" content=\"InterContinental Marseille - Hotel Dieu\" \/>\n<meta property=\"article:publisher\" content=\"https:\/\/www.facebook.com\/InterContinentalMarseilleHotelDieu\/\" \/>\n<meta property=\"article:modified_time\" content=\"2026-04-22T13:00:40+00:00\" \/>\n<meta property=\"og:image\" content=\"https:\/\/marseille.intercontinental.com\/wp-content\/uploads\/sites\/5\/2023\/02\/Salle-des-Honneurs-c-Stephane-Aboudaram-we-are-contents-1-1.jpg\" \/>\n\t<meta property=\"og:image:width\" content=\"1500\" \/>\n\t<meta property=\"og:image:height\" content=\"1001\" \/>\n\t<meta property=\"og:image:type\" content=\"image\/jpeg\" \/>\n<meta name=\"twitter:card\" content=\"summary_large_image\" \/>\n<meta name=\"twitter:site\" content=\"@icmarseille\" \/>\n<meta name=\"twitter:label1\" content=\"Est. reading time\" \/>\n\t<meta name=\"twitter:data1\" content=\"4 minutes\" \/>\n<script type=\"application\/ld+json\" class=\"yoast-schema-graph\">{\"@context\":\"https:\/\/schema.org\",\"@graph\":[{\"@type\":[\"WebPage\",\"FAQPage\"],\"@id\":\"https:\/\/marseille.intercontinental.com\/en\/conference-centre\/\",\"url\":\"https:\/\/marseille.intercontinental.com\/en\/conference-centre\/\",\"name\":\"Meeting &amp; Conference Rooms - InterContinental Marseille - Hotel Dieu\",\"isPartOf\":{\"@id\":\"https:\/\/marseille.intercontinental.com\/en\/#website\"},\"primaryImageOfPage\":{\"@id\":\"https:\/\/marseille.intercontinental.com\/en\/conference-centre\/#primaryimage\"},\"image\":{\"@id\":\"https:\/\/marseille.intercontinental.com\/en\/conference-centre\/#primaryimage\"},\"thumbnailUrl\":\"https:\/\/marseille.intercontinental.com\/wp-content\/uploads\/sites\/5\/2023\/02\/Salle-des-Honneurs-c-Stephane-Aboudaram-we-are-contents-1-1-1024x683.jpg\",\"datePublished\":\"2019-09-03T15:15:32+00:00\",\"dateModified\":\"2026-04-22T13:00:40+00:00\",\"description\":\"1,230 m\u00b2 of flexible meeting and conference spaces at the InterContinental Marseille H\u00f4tel-Dieu. Ideal for seminars, congresses and corporate events, with private terraces and the latest AV technology.\",\"breadcrumb\":{\"@id\":\"https:\/\/marseille.intercontinental.com\/en\/conference-centre\/#breadcrumb\"},\"mainEntity\":[{\"@id\":\"https:\/\/marseille.intercontinental.com\/en\/conference-centre\/#faq-question-1776861912672\"},{\"@id\":\"https:\/\/marseille.intercontinental.com\/en\/conference-centre\/#faq-question-1776861917697\"},{\"@id\":\"https:\/\/marseille.intercontinental.com\/en\/conference-centre\/#faq-question-1776861920511\"},{\"@id\":\"https:\/\/marseille.intercontinental.com\/en\/conference-centre\/#faq-question-1776861921125\"},{\"@id\":\"https:\/\/marseille.intercontinental.com\/en\/conference-centre\/#faq-question-1776861921767\"},{\"@id\":\"https:\/\/marseille.intercontinental.com\/en\/conference-centre\/#faq-question-1776861922355\"},{\"@id\":\"https:\/\/marseille.intercontinental.com\/en\/conference-centre\/#faq-question-1776861994427\"},{\"@id\":\"https:\/\/marseille.intercontinental.com\/en\/conference-centre\/#faq-question-1776861995112\"}],\"inLanguage\":\"en-US\",\"potentialAction\":[{\"@type\":\"ReadAction\",\"target\":[\"https:\/\/marseille.intercontinental.com\/en\/conference-centre\/\"]}]},{\"@type\":\"ImageObject\",\"inLanguage\":\"en-US\",\"@id\":\"https:\/\/marseille.intercontinental.com\/en\/conference-centre\/#primaryimage\",\"url\":\"https:\/\/marseille.intercontinental.com\/wp-content\/uploads\/sites\/5\/2023\/02\/Salle-des-Honneurs-c-Stephane-Aboudaram-we-are-contents-1-1-1024x683.jpg\",\"contentUrl\":\"https:\/\/marseille.intercontinental.com\/wp-content\/uploads\/sites\/5\/2023\/02\/Salle-des-Honneurs-c-Stephane-Aboudaram-we-are-contents-1-1-1024x683.jpg\"},{\"@type\":\"BreadcrumbList\",\"@id\":\"https:\/\/marseille.intercontinental.com\/en\/conference-centre\/#breadcrumb\",\"itemListElement\":[{\"@type\":\"ListItem\",\"position\":1,\"name\":\"Home\",\"item\":\"https:\/\/marseille.intercontinental.com\/en\/\"},{\"@type\":\"ListItem\",\"position\":2,\"name\":\"Meeting &amp; Conference Rooms\"}]},{\"@type\":\"WebSite\",\"@id\":\"https:\/\/marseille.intercontinental.com\/en\/#website\",\"url\":\"https:\/\/marseille.intercontinental.com\/en\/\",\"name\":\"InterContinental Marseille - H\u00f4tel Dieu\",\"description\":\"\u00c0 quoi ressemblaient nos h\u00f4tels en 2016 ? Voici un petit aper\u00e7u ! On peut dire sans h\u00e9siter qu&#039;elles ont toutes les deux bien chang\u00e9 !\",\"publisher\":{\"@id\":\"https:\/\/marseille.intercontinental.com\/en\/#organization\"},\"alternateName\":\"InterContinental Marseille\",\"potentialAction\":[{\"@type\":\"SearchAction\",\"target\":{\"@type\":\"EntryPoint\",\"urlTemplate\":\"https:\/\/marseille.intercontinental.com\/en\/?s={search_term_string}\"},\"query-input\":{\"@type\":\"PropertyValueSpecification\",\"valueRequired\":true,\"valueName\":\"search_term_string\"}}],\"inLanguage\":\"en-US\"},{\"@type\":\"Organization\",\"@id\":\"https:\/\/marseille.intercontinental.com\/en\/#organization\",\"name\":\"InterContinental Marseille - H\u00f4tel Dieu\",\"alternateName\":\"InterContinental Marseille\",\"url\":\"https:\/\/marseille.intercontinental.com\/en\/\",\"logo\":{\"@type\":\"ImageObject\",\"inLanguage\":\"en-US\",\"@id\":\"https:\/\/marseille.intercontinental.com\/en\/#\/schema\/logo\/image\/\",\"url\":\"https:\/\/marseille.intercontinental.com\/wp-content\/uploads\/sites\/5\/2023\/09\/intercontinental-marseille-hotel-dieu-logo.svg\",\"contentUrl\":\"https:\/\/marseille.intercontinental.com\/wp-content\/uploads\/sites\/5\/2023\/09\/intercontinental-marseille-hotel-dieu-logo.svg\",\"caption\":\"InterContinental Marseille - H\u00f4tel Dieu\"},\"image\":{\"@id\":\"https:\/\/marseille.intercontinental.com\/en\/#\/schema\/logo\/image\/\"},\"sameAs\":[\"https:\/\/www.facebook.com\/InterContinentalMarseilleHotelDieu\/\",\"https:\/\/x.com\/icmarseille\",\"https:\/\/www.instagram.com\/icmarseille\/\"]},{\"@type\":\"Question\",\"@id\":\"https:\/\/marseille.intercontinental.com\/en\/conference-centre\/#faq-question-1776861912672\",\"position\":1,\"url\":\"https:\/\/marseille.intercontinental.com\/en\/conference-centre\/#faq-question-1776861912672\",\"name\":\"What is the maximum capacity of the conference spaces?\",\"answerCount\":1,\"acceptedAnswer\":{\"@type\":\"Answer\",\"text\":\"The InterContinental Marseille has 1,230 m\u00b2 of flexible spaces. The Salle des Honneurs can accommodate up to 440 seated guests and up to 400 people for a cocktail reception. In total, the hotel offers solutions for groups of 14 to 440 seated guests. Visit our <a href=\\\"https:\/\/marseille.intercontinental.com\/en\/your-events\/\\\">events page<\/a> to discover other available spaces.\",\"inLanguage\":\"en-US\"},\"inLanguage\":\"en-US\"},{\"@type\":\"Question\",\"@id\":\"https:\/\/marseille.intercontinental.com\/en\/conference-centre\/#faq-question-1776861917697\",\"position\":2,\"url\":\"https:\/\/marseille.intercontinental.com\/en\/conference-centre\/#faq-question-1776861917697\",\"name\":\"Which rooms are available for meetings and conferences?\",\"answerCount\":1,\"acceptedAnswer\":{\"@type\":\"Answer\",\"text\":\"The hotel offers several spaces: the Salle des Honneurs (divisible into the Salon des Cordelles and the Salon des Accoules), the Salon Major (divisible into the Salons Marceau, Mery and Mirabeau), five breakout rooms on the first floor with private terraces, as well as three foyers and a cultural centre. For a full overview of private event options, visit our <a href=\\\"https:\/\/marseille.intercontinental.com\/en\/your-events\/\\\">dedicated events page<\/a>.\",\"inLanguage\":\"en-US\"},\"inLanguage\":\"en-US\"},{\"@type\":\"Question\",\"@id\":\"https:\/\/marseille.intercontinental.com\/en\/conference-centre\/#faq-question-1776861920511\",\"position\":3,\"url\":\"https:\/\/marseille.intercontinental.com\/en\/conference-centre\/#faq-question-1776861920511\",\"name\":\"Are the rooms equipped with audiovisual technology?\",\"answerCount\":1,\"acceptedAnswer\":{\"@type\":\"Answer\",\"text\":\"Yes, all our spaces are equipped with the latest technology (sound systems, screens, projectors, high-speed internet). Our technical team is available to assist you with your audiovisual requirements. Contact us at <a href=\\\"mailto:sales.marseille@ihg.com\\\">sales.marseille@ihg.com<\/a> for more information.\",\"inLanguage\":\"en-US\"},\"inLanguage\":\"en-US\"},{\"@type\":\"Question\",\"@id\":\"https:\/\/marseille.intercontinental.com\/en\/conference-centre\/#faq-question-1776861921125\",\"position\":4,\"url\":\"https:\/\/marseille.intercontinental.com\/en\/conference-centre\/#faq-question-1776861921125\",\"name\":\"Do you offer catering options for professional events?\",\"answerCount\":1,\"acceptedAnswer\":{\"@type\":\"Answer\",\"text\":\"Yes, our catering team offers tailor-made solutions: coffee breaks, working lunches, gala dinners, cocktail receptions\u2026 Our <a href=\\\"https:\/\/marseille.intercontinental.com\/en\/les-fenetres\/\\\">restaurant Les Fen\u00eatres<\/a> is also available for your guests. Our chefs create menus tailored to your event and the number of guests.\",\"inLanguage\":\"en-US\"},\"inLanguage\":\"en-US\"},{\"@type\":\"Question\",\"@id\":\"https:\/\/marseille.intercontinental.com\/en\/conference-centre\/#faq-question-1776861921767\",\"position\":5,\"url\":\"https:\/\/marseille.intercontinental.com\/en\/conference-centre\/#faq-question-1776861921767\",\"name\":\"Is there a terrace available for professional events?\",\"answerCount\":1,\"acceptedAnswer\":{\"@type\":\"Answer\",\"text\":\"Yes, several spaces include private terraces with views of Notre-Dame-de-la-Garde, ideal for breaks, cocktails or outdoor dining during your <a href=\\\"https:\/\/marseille.intercontinental.com\/en\/your-events\/\\\">events<\/a>.\",\"inLanguage\":\"en-US\"},\"inLanguage\":\"en-US\"},{\"@type\":\"Question\",\"@id\":\"https:\/\/marseille.intercontinental.com\/en\/conference-centre\/#faq-question-1776861922355\",\"position\":6,\"url\":\"https:\/\/marseille.intercontinental.com\/en\/conference-centre\/#faq-question-1776861922355\",\"name\":\"How do I get a quote or book a room?\",\"answerCount\":1,\"acceptedAnswer\":{\"@type\":\"Answer\",\"text\":\"Contact <a href=\\\"https:\/\/marseille.intercontinental.com\/en\/contact-us\/\\\">our sales team<\/a> by email at <a href=\\\"mailto:sales.marseille@ihg.com\\\">sales.marseille@ihg.com<\/a> or by phone at <a href=\\\"tel:0033413424250\\\">+33 (0)4 13 42 42 50<\/a>. We will offer you a personalised solution tailored to your needs and budget.\",\"inLanguage\":\"en-US\"},\"inLanguage\":\"en-US\"},{\"@type\":\"Question\",\"@id\":\"https:\/\/marseille.intercontinental.com\/en\/conference-centre\/#faq-question-1776861994427\",\"position\":7,\"url\":\"https:\/\/marseille.intercontinental.com\/en\/conference-centre\/#faq-question-1776861994427\",\"name\":\"Does the hotel offer rooms for congress or seminar participants?\",\"answerCount\":1,\"acceptedAnswer\":{\"@type\":\"Answer\",\"text\":\"Yes, the InterContinental Marseille has <a href=\\\"https:\/\/marseille.intercontinental.com\/en\/the-rooms\/\\\">194 rooms and suites<\/a>. Preferential group rates can be negotiated when <a href=\\\"https:\/\/marseille.intercontinental.com\/en\/make-a-reservation\/\\\">booking your meeting spaces<\/a>.\",\"inLanguage\":\"en-US\"},\"inLanguage\":\"en-US\"},{\"@type\":\"Question\",\"@id\":\"https:\/\/marseille.intercontinental.com\/en\/conference-centre\/#faq-question-1776861995112\",\"position\":8,\"url\":\"https:\/\/marseille.intercontinental.com\/en\/conference-centre\/#faq-question-1776861995112\",\"name\":\"Is a valet service and parking available for participants?\",\"answerCount\":1,\"acceptedAnswer\":{\"@type\":\"Answer\",\"text\":\"Yes, the hotel offers a valet service. Secure parking solutions can also be arranged for your groups within the Grand H\u00f4tel-Dieu. For any logistical queries, <a href=\\\"https:\/\/marseille.intercontinental.com\/en\/contact-us\/\\\">contact our team<\/a>.\",\"inLanguage\":\"en-US\"},\"inLanguage\":\"en-US\"}]}<\/script>\n<!-- \/ Yoast SEO plugin. -->","yoast_head_json":{"title":"Meeting &amp; Conference Rooms - InterContinental Marseille - Hotel Dieu","description":"1,230 m\u00b2 of flexible meeting and conference spaces at the InterContinental Marseille H\u00f4tel-Dieu. Ideal for seminars, congresses and corporate events, with private terraces and the latest AV technology.","robots":{"index":"index","follow":"follow","max-snippet":"max-snippet:-1","max-image-preview":"max-image-preview:large","max-video-preview":"max-video-preview:-1"},"canonical":"https:\/\/marseille.intercontinental.com\/en\/conference-centre\/","og_locale":"en_US","og_type":"article","og_title":"Meeting &amp; Conference Rooms - InterContinental Marseille - Hotel Dieu","og_description":"1,230 m\u00b2 of flexible meeting and conference spaces at the InterContinental Marseille H\u00f4tel-Dieu. Ideal for seminars, congresses and corporate events, with private terraces and the latest AV technology.","og_url":"https:\/\/marseille.intercontinental.com\/en\/conference-centre\/","og_site_name":"InterContinental Marseille - Hotel Dieu","article_publisher":"https:\/\/www.facebook.com\/InterContinentalMarseilleHotelDieu\/","article_modified_time":"2026-04-22T13:00:40+00:00","og_image":[{"width":1500,"height":1001,"url":"https:\/\/marseille.intercontinental.com\/wp-content\/uploads\/sites\/5\/2023\/02\/Salle-des-Honneurs-c-Stephane-Aboudaram-we-are-contents-1-1.jpg","type":"image\/jpeg"}],"twitter_card":"summary_large_image","twitter_site":"@icmarseille","twitter_misc":{"Est. reading time":"4 minutes"},"schema":{"@context":"https:\/\/schema.org","@graph":[{"@type":["WebPage","FAQPage"],"@id":"https:\/\/marseille.intercontinental.com\/en\/conference-centre\/","url":"https:\/\/marseille.intercontinental.com\/en\/conference-centre\/","name":"Meeting &amp; Conference Rooms - InterContinental Marseille - Hotel Dieu","isPartOf":{"@id":"https:\/\/marseille.intercontinental.com\/en\/#website"},"primaryImageOfPage":{"@id":"https:\/\/marseille.intercontinental.com\/en\/conference-centre\/#primaryimage"},"image":{"@id":"https:\/\/marseille.intercontinental.com\/en\/conference-centre\/#primaryimage"},"thumbnailUrl":"https:\/\/marseille.intercontinental.com\/wp-content\/uploads\/sites\/5\/2023\/02\/Salle-des-Honneurs-c-Stephane-Aboudaram-we-are-contents-1-1-1024x683.jpg","datePublished":"2019-09-03T15:15:32+00:00","dateModified":"2026-04-22T13:00:40+00:00","description":"1,230 m\u00b2 of flexible meeting and conference spaces at the InterContinental Marseille H\u00f4tel-Dieu. Ideal for seminars, congresses and corporate events, with private terraces and the latest AV technology.","breadcrumb":{"@id":"https:\/\/marseille.intercontinental.com\/en\/conference-centre\/#breadcrumb"},"mainEntity":[{"@id":"https:\/\/marseille.intercontinental.com\/en\/conference-centre\/#faq-question-1776861912672"},{"@id":"https:\/\/marseille.intercontinental.com\/en\/conference-centre\/#faq-question-1776861917697"},{"@id":"https:\/\/marseille.intercontinental.com\/en\/conference-centre\/#faq-question-1776861920511"},{"@id":"https:\/\/marseille.intercontinental.com\/en\/conference-centre\/#faq-question-1776861921125"},{"@id":"https:\/\/marseille.intercontinental.com\/en\/conference-centre\/#faq-question-1776861921767"},{"@id":"https:\/\/marseille.intercontinental.com\/en\/conference-centre\/#faq-question-1776861922355"},{"@id":"https:\/\/marseille.intercontinental.com\/en\/conference-centre\/#faq-question-1776861994427"},{"@id":"https:\/\/marseille.intercontinental.com\/en\/conference-centre\/#faq-question-1776861995112"}],"inLanguage":"en-US","potentialAction":[{"@type":"ReadAction","target":["https:\/\/marseille.intercontinental.com\/en\/conference-centre\/"]}]},{"@type":"ImageObject","inLanguage":"en-US","@id":"https:\/\/marseille.intercontinental.com\/en\/conference-centre\/#primaryimage","url":"https:\/\/marseille.intercontinental.com\/wp-content\/uploads\/sites\/5\/2023\/02\/Salle-des-Honneurs-c-Stephane-Aboudaram-we-are-contents-1-1-1024x683.jpg","contentUrl":"https:\/\/marseille.intercontinental.com\/wp-content\/uploads\/sites\/5\/2023\/02\/Salle-des-Honneurs-c-Stephane-Aboudaram-we-are-contents-1-1-1024x683.jpg"},{"@type":"BreadcrumbList","@id":"https:\/\/marseille.intercontinental.com\/en\/conference-centre\/#breadcrumb","itemListElement":[{"@type":"ListItem","position":1,"name":"Home","item":"https:\/\/marseille.intercontinental.com\/en\/"},{"@type":"ListItem","position":2,"name":"Meeting &amp; Conference Rooms"}]},{"@type":"WebSite","@id":"https:\/\/marseille.intercontinental.com\/en\/#website","url":"https:\/\/marseille.intercontinental.com\/en\/","name":"InterContinental Marseille - H\u00f4tel Dieu","description":"\u00c0 quoi ressemblaient nos h\u00f4tels en 2016 ? Voici un petit aper\u00e7u ! On peut dire sans h\u00e9siter qu&#039;elles ont toutes les deux bien chang\u00e9 !","publisher":{"@id":"https:\/\/marseille.intercontinental.com\/en\/#organization"},"alternateName":"InterContinental Marseille","potentialAction":[{"@type":"SearchAction","target":{"@type":"EntryPoint","urlTemplate":"https:\/\/marseille.intercontinental.com\/en\/?s={search_term_string}"},"query-input":{"@type":"PropertyValueSpecification","valueRequired":true,"valueName":"search_term_string"}}],"inLanguage":"en-US"},{"@type":"Organization","@id":"https:\/\/marseille.intercontinental.com\/en\/#organization","name":"InterContinental Marseille - H\u00f4tel Dieu","alternateName":"InterContinental Marseille","url":"https:\/\/marseille.intercontinental.com\/en\/","logo":{"@type":"ImageObject","inLanguage":"en-US","@id":"https:\/\/marseille.intercontinental.com\/en\/#\/schema\/logo\/image\/","url":"https:\/\/marseille.intercontinental.com\/wp-content\/uploads\/sites\/5\/2023\/09\/intercontinental-marseille-hotel-dieu-logo.svg","contentUrl":"https:\/\/marseille.intercontinental.com\/wp-content\/uploads\/sites\/5\/2023\/09\/intercontinental-marseille-hotel-dieu-logo.svg","caption":"InterContinental Marseille - H\u00f4tel Dieu"},"image":{"@id":"https:\/\/marseille.intercontinental.com\/en\/#\/schema\/logo\/image\/"},"sameAs":["https:\/\/www.facebook.com\/InterContinentalMarseilleHotelDieu\/","https:\/\/x.com\/icmarseille","https:\/\/www.instagram.com\/icmarseille\/"]},{"@type":"Question","@id":"https:\/\/marseille.intercontinental.com\/en\/conference-centre\/#faq-question-1776861912672","position":1,"url":"https:\/\/marseille.intercontinental.com\/en\/conference-centre\/#faq-question-1776861912672","name":"What is the maximum capacity of the conference spaces?","answerCount":1,"acceptedAnswer":{"@type":"Answer","text":"The InterContinental Marseille has 1,230 m\u00b2 of flexible spaces. The Salle des Honneurs can accommodate up to 440 seated guests and up to 400 people for a cocktail reception. In total, the hotel offers solutions for groups of 14 to 440 seated guests. Visit our <a href=\"https:\/\/marseille.intercontinental.com\/en\/your-events\/\">events page<\/a> to discover other available spaces.","inLanguage":"en-US"},"inLanguage":"en-US"},{"@type":"Question","@id":"https:\/\/marseille.intercontinental.com\/en\/conference-centre\/#faq-question-1776861917697","position":2,"url":"https:\/\/marseille.intercontinental.com\/en\/conference-centre\/#faq-question-1776861917697","name":"Which rooms are available for meetings and conferences?","answerCount":1,"acceptedAnswer":{"@type":"Answer","text":"The hotel offers several spaces: the Salle des Honneurs (divisible into the Salon des Cordelles and the Salon des Accoules), the Salon Major (divisible into the Salons Marceau, Mery and Mirabeau), five breakout rooms on the first floor with private terraces, as well as three foyers and a cultural centre. For a full overview of private event options, visit our <a href=\"https:\/\/marseille.intercontinental.com\/en\/your-events\/\">dedicated events page<\/a>.","inLanguage":"en-US"},"inLanguage":"en-US"},{"@type":"Question","@id":"https:\/\/marseille.intercontinental.com\/en\/conference-centre\/#faq-question-1776861920511","position":3,"url":"https:\/\/marseille.intercontinental.com\/en\/conference-centre\/#faq-question-1776861920511","name":"Are the rooms equipped with audiovisual technology?","answerCount":1,"acceptedAnswer":{"@type":"Answer","text":"Yes, all our spaces are equipped with the latest technology (sound systems, screens, projectors, high-speed internet). Our technical team is available to assist you with your audiovisual requirements. Contact us at <a href=\"mailto:sales.marseille@ihg.com\">sales.marseille@ihg.com<\/a> for more information.","inLanguage":"en-US"},"inLanguage":"en-US"},{"@type":"Question","@id":"https:\/\/marseille.intercontinental.com\/en\/conference-centre\/#faq-question-1776861921125","position":4,"url":"https:\/\/marseille.intercontinental.com\/en\/conference-centre\/#faq-question-1776861921125","name":"Do you offer catering options for professional events?","answerCount":1,"acceptedAnswer":{"@type":"Answer","text":"Yes, our catering team offers tailor-made solutions: coffee breaks, working lunches, gala dinners, cocktail receptions\u2026 Our <a href=\"https:\/\/marseille.intercontinental.com\/en\/les-fenetres\/\">restaurant Les Fen\u00eatres<\/a> is also available for your guests. Our chefs create menus tailored to your event and the number of guests.","inLanguage":"en-US"},"inLanguage":"en-US"},{"@type":"Question","@id":"https:\/\/marseille.intercontinental.com\/en\/conference-centre\/#faq-question-1776861921767","position":5,"url":"https:\/\/marseille.intercontinental.com\/en\/conference-centre\/#faq-question-1776861921767","name":"Is there a terrace available for professional events?","answerCount":1,"acceptedAnswer":{"@type":"Answer","text":"Yes, several spaces include private terraces with views of Notre-Dame-de-la-Garde, ideal for breaks, cocktails or outdoor dining during your <a href=\"https:\/\/marseille.intercontinental.com\/en\/your-events\/\">events<\/a>.","inLanguage":"en-US"},"inLanguage":"en-US"},{"@type":"Question","@id":"https:\/\/marseille.intercontinental.com\/en\/conference-centre\/#faq-question-1776861922355","position":6,"url":"https:\/\/marseille.intercontinental.com\/en\/conference-centre\/#faq-question-1776861922355","name":"How do I get a quote or book a room?","answerCount":1,"acceptedAnswer":{"@type":"Answer","text":"Contact <a href=\"https:\/\/marseille.intercontinental.com\/en\/contact-us\/\">our sales team<\/a> by email at <a href=\"mailto:sales.marseille@ihg.com\">sales.marseille@ihg.com<\/a> or by phone at <a href=\"tel:0033413424250\">+33 (0)4 13 42 42 50<\/a>. We will offer you a personalised solution tailored to your needs and budget.","inLanguage":"en-US"},"inLanguage":"en-US"},{"@type":"Question","@id":"https:\/\/marseille.intercontinental.com\/en\/conference-centre\/#faq-question-1776861994427","position":7,"url":"https:\/\/marseille.intercontinental.com\/en\/conference-centre\/#faq-question-1776861994427","name":"Does the hotel offer rooms for congress or seminar participants?","answerCount":1,"acceptedAnswer":{"@type":"Answer","text":"Yes, the InterContinental Marseille has <a href=\"https:\/\/marseille.intercontinental.com\/en\/the-rooms\/\">194 rooms and suites<\/a>. Preferential group rates can be negotiated when <a href=\"https:\/\/marseille.intercontinental.com\/en\/make-a-reservation\/\">booking your meeting spaces<\/a>.","inLanguage":"en-US"},"inLanguage":"en-US"},{"@type":"Question","@id":"https:\/\/marseille.intercontinental.com\/en\/conference-centre\/#faq-question-1776861995112","position":8,"url":"https:\/\/marseille.intercontinental.com\/en\/conference-centre\/#faq-question-1776861995112","name":"Is a valet service and parking available for participants?","answerCount":1,"acceptedAnswer":{"@type":"Answer","text":"Yes, the hotel offers a valet service. Secure parking solutions can also be arranged for your groups within the Grand H\u00f4tel-Dieu. For any logistical queries, <a href=\"https:\/\/marseille.intercontinental.com\/en\/contact-us\/\">contact our team<\/a>.","inLanguage":"en-US"},"inLanguage":"en-US"}]}},"_links":{"self":[{"href":"https:\/\/marseille.intercontinental.com\/en\/wp-json\/wp\/v2\/pages\/886","targetHints":{"allow":["GET"]}}],"collection":[{"href":"https:\/\/marseille.intercontinental.com\/en\/wp-json\/wp\/v2\/pages"}],"about":[{"href":"https:\/\/marseille.intercontinental.com\/en\/wp-json\/wp\/v2\/types\/page"}],"author":[{"embeddable":true,"href":"https:\/\/marseille.intercontinental.com\/en\/wp-json\/wp\/v2\/users\/1"}],"replies":[{"embeddable":true,"href":"https:\/\/marseille.intercontinental.com\/en\/wp-json\/wp\/v2\/comments?post=886"}],"version-history":[{"count":4,"href":"https:\/\/marseille.intercontinental.com\/en\/wp-json\/wp\/v2\/pages\/886\/revisions"}],"predecessor-version":[{"id":20559,"href":"https:\/\/marseille.intercontinental.com\/en\/wp-json\/wp\/v2\/pages\/886\/revisions\/20559"}],"wp:attachment":[{"href":"https:\/\/marseille.intercontinental.com\/en\/wp-json\/wp\/v2\/media?parent=886"}],"curies":[{"name":"wp","href":"https:\/\/api.w.org\/{rel}","templated":true}]}}